{"id":270,"date":"2019-12-27T00:45:19","date_gmt":"2019-12-26T23:45:19","guid":{"rendered":"https:\/\/www.redegold.de\/shop\/?post_type=product&#038;p=270"},"modified":"2026-05-02T13:28:36","modified_gmt":"2026-05-02T11:28:36","slug":"schmuckdruck-rede-als-geschenk","status":"publish","type":"product","link":"https:\/\/www.redegold.de\/shop\/shop\/zusatzleistungen\/versand-per-post\/schmuckdruck-rede-als-geschenk\/","title":{"rendered":"Schmuck\u00addruck Ihrer&nbsp;Rede"},"content":{"rendered":"<div class=\"fusion-fullwidth fullwidth-box fusion-builder-row-1 fusion-flex-container has-pattern-background has-mask-background nonhundred-percent-fullwidth non-hundred-percent-height-scrolling\" style=\"--awb-border-radius-top-left:0px;--awb-border-radius-top-right:0px;--awb-border-radius-bottom-right:0px;--awb-border-radius-bottom-left:0px;--awb-background-color:rgba(255,255,255,0);--awb-flex-wrap:wrap;\" ><div class=\"fusion-builder-row fusion-row fusion-flex-align-items-flex-start fusion-flex-content-wrap\" style=\"max-width:1144px;margin-left: calc(-4% \/ 2 );margin-right: calc(-4% \/ 2 );\"><div class=\"fusion-layout-column fusion_builder_column fusion-builder-column-0 fusion_builder_column_1_1 1_1 fusion-flex-column\" style=\"--awb-padding-right:-125%;--awb-padding-left:-175%;--awb-bg-blend:overlay;--awb-bg-size:cover;--awb-width-large:100%;--awb-margin-top-large:0px;--awb-spacing-right-large:0%;--awb-margin-bottom-large:20px;--awb-spacing-left-large:0%;--awb-width-medium:100%;--awb-order-medium:0;--awb-spacing-right-medium:1.92%;--awb-spacing-left-medium:1.92%;--awb-width-small:100%;--awb-order-small:0;--awb-spacing-right-small:1.92%;--awb-spacing-left-small:1.92%;\" data-scroll-devices=\"small-visibility,medium-visibility,large-visibility\"><div class=\"fusion-column-wrapper fusion-column-has-shadow fusion-flex-justify-content-flex-start fusion-content-layout-column\"><div class=\"fusion-title title fusion-title-1 fusion-sep-none fusion-title-text fusion-title-size-two\" style=\"--awb-margin-top-small:0px;--awb-margin-right-small:0px;--awb-margin-bottom-small:20px;--awb-margin-left-small:0px;\"><h2 class=\"fusion-title-heading title-heading-left fusion-responsive-typography-calculated\" style=\"margin:0;--fontSize:39;line-height:1.25;\">Schenken, bewahren und teilen Sie Ihre Rede.<\/h2><\/div><div class=\"fusion-text fusion-text-1\"><blockquote>\n<p>Verba volant, scripta manent.<\/p>\n<p>W\u00f6rter vergehen, Schriftliches bleibt bestehen.<\/p>\n<\/blockquote>\n<p><strong>Was, wenn Ihre Worte verhallt sind?<\/strong><\/p>\n<p>Nat\u00fcrlich: Eine <a href=\"https:\/\/www.redegold.de\" target=\"_blank\" rel=\"noopener\">RedeGold-Rede<\/a> macht nachhaltigen Eindruck &#8211; und hallt noch lange nach &#8230;!<\/p>\n<p>Doch im Grunde ist Ihre Rede nach Ihrem Vortrag verschwunden.<\/p>\n<p>Bedauerlicherweise!<\/p>\n<p><strong>Durch den speziell gestalteten Schmuckdruck jedoch dokumentieren Sie Ihre Rede analog wie digital, auf optisch ansprechende Weise.<\/strong><\/p>\n<p>Sie erhalten Ihre Rede sch\u00f6n und speziell gestaltet<\/p>\n<\/div><ul style=\"--awb-size:16px;--awb-line-height:27.2px;--awb-icon-width:27.2px;--awb-icon-height:27.2px;--awb-icon-margin:11.2px;--awb-content-margin:38.4px;--awb-circlecolor:var(--awb-color4);--awb-circle-yes-font-size:14.08px;\" class=\"fusion-checklist fusion-checklist-1 fusion-checklist-default type-icons\"><li class=\"fusion-li-item\" style=\"\"><span class=\"icon-wrapper circle-yes\"><i class=\"fusion-li-icon fa-plus fas\" aria-hidden=\"true\"><\/i><\/span><div class=\"fusion-li-item-content\">\n<p>auf Papier (diskret per Post) zur pers\u00f6nlichen \u00dcberreichung<\/p>\n<\/div><\/li><li class=\"fusion-li-item\" style=\"\"><span class=\"icon-wrapper circle-yes\"><i class=\"fusion-li-icon fa-plus fas\" aria-hidden=\"true\"><\/i><\/span><div class=\"fusion-li-item-content\">\n<p>als PDF zur digitalen Weitergabe (WhatsApp, E-Mail etc.)<\/p>\n<\/div><\/li><\/ul><div class=\"fusion-text fusion-text-2\" style=\"--awb-margin-top:25px;\"><p>Den Druck bekommen Sie als gro\u00dfe Brosch\u00fcre (ca. DIN A4) zum Aufklappen und Durchbl\u00e4ttern; randlos, professionell geheftet. Auf diese Weise lassen sich auch sehr lange Reden wunderbar pr\u00e4sentieren.<div class=\"fusion-separator fusion-full-width-sep\" style=\"align-self: center;margin-left: auto;margin-right: auto;margin-top:25px;width:100%;\"><\/div><\/p>\n<h3>Rede im Bilderrahmen<\/h3>\n<p>Besonders edel ist nat\u00fcrlich die gerahmte Variante auf einer Seite. Seit einem Vierteljahrhundert besch\u00e4ftige ich mich hauptberuflich mit Reden. Sie d\u00fcrfen sicher sein:<\/p>\n<p>Die Bedeutung Ihres Redeanlasses nehme ich ernst. Und wer seine Rede einrahmen lassen m\u00f6chte, der will auch was Vern\u00fcnftiges bekommen! Etwas, das man sich gerne an die Wand h\u00e4ngt. Sie erhalten:<\/p>\n<\/div><ul style=\"--awb-size:16px;--awb-margin-bottom:50px;--awb-iconcolor:var(--awb-color4);--awb-line-height:27.2px;--awb-icon-width:27.2px;--awb-icon-height:27.2px;--awb-icon-margin:11.2px;--awb-content-margin:38.4px;\" class=\"fusion-checklist fusion-checklist-2 fusion-checklist-default type-icons\"><li class=\"fusion-li-item\" style=\"\"><span class=\"icon-wrapper circle-no\"><i class=\"fusion-li-icon fa-check fas\" aria-hidden=\"true\"><\/i><\/span><div class=\"fusion-li-item-content\">\n<p>Ihre Rede pr\u00e4sentiert hinter Echtglas (kein &#8222;Acrylglas&#8220;- kein Plastik!)<\/p>\n<\/div><\/li><li class=\"fusion-li-item\" style=\"\"><span class=\"icon-wrapper circle-no\"><i class=\"fusion-li-icon fa-check fas\" aria-hidden=\"true\"><\/i><\/span><div class=\"fusion-li-item-content\">\n<p>Made in Germany und zeitgem\u00e4\u00dfes Design (kein Kitsch)<\/p>\n<\/div><\/li><li class=\"fusion-li-item\" style=\"\"><span class=\"icon-wrapper circle-no\"><i class=\"fusion-li-icon fa-check fas\" aria-hidden=\"true\"><\/i><\/span><div class=\"fusion-li-item-content\">\n<p>Rahmen ebenfalls hochwertig:<\/p>\n<p><img decoding=\"async\" class=\"lazyload alignnone wp-image-5933 size-full\" src=\"data:image\/svg+xml,%3Csvg%20xmlns%3D%27http%3A%2F%2Fwww.w3.org%2F2000%2Fsvg%27%20width%3D%27159%27%20height%3D%27142%27%20viewBox%3D%270%200%20159%20142%27%3E%3Crect%20width%3D%27159%27%20height%3D%27142%27%20fill-opacity%3D%220%22%2F%3E%3C%2Fsvg%3E\" data-orig-src=\"https:\/\/www.redegold.de\/shop\/wp-content\/uploads\/2019\/12\/holz-rahmen-druck-rede.gif\" alt=\"\" width=\"159\" height=\"142\" \/><\/p>\n<p>goldbraune Eiche <em>(FSC-zertifiziertes Echtholzfurnier)<\/em><\/p>\n<p><img decoding=\"async\" class=\"lazyload alignnone wp-image-5934 size-full\" src=\"data:image\/svg+xml,%3Csvg%20xmlns%3D%27http%3A%2F%2Fwww.w3.org%2F2000%2Fsvg%27%20width%3D%27159%27%20height%3D%27142%27%20viewBox%3D%270%200%20159%20142%27%3E%3Crect%20width%3D%27159%27%20height%3D%27142%27%20fill-opacity%3D%220%22%2F%3E%3C%2Fsvg%3E\" data-orig-src=\"https:\/\/www.redegold.de\/shop\/wp-content\/uploads\/2019\/12\/alu-rahmen-druck-rede.gif\" alt=\"\" width=\"159\" height=\"142\" \/><\/p>\n<p>goldgl\u00e4nzendes Aluminium <em>(echt, nicht blo\u00df &#8222;Alu-Optik&#8220;)<\/em><\/p>\n<\/div><\/li>\n<\/ul><div class=\"fusion-alert alert success alert-success fusion-alert-left awb-alert-native-link-color alert-shadow fusion-animated\" style=\"--awb-margin-bottom:75px;\" role=\"alert\" data-animationType=\"fadeIn\" data-animationDuration=\"2.8\" data-animationOffset=\"top-into-view\"><div class=\"fusion-alert-content-wrapper\"><span class=\"alert-icon\"><i class=\"awb-icon-check-circle\" aria-hidden=\"true\"><\/i><\/span><span class=\"fusion-alert-content\"><span style=\"color: black;\"><strong>Die Gestaltung erfolgt nach bew\u00e4hrtem Prinzip.<\/strong><\/span><\/p>\n<p><span style=\"color: black;\"><strong>Oder haben Sie spezielle W\u00fcnsche?<\/strong> (Individuelle Schriftart, eigene Fotos, Urkundenstil o. \u00e4.?)<\/span><\/p>\n<p><u class=\"u-signal\"><a style=\"color: black; text-decoration: none;\" href=\"https:\/\/www.redegold.de\/kontakt\">Ihre kurze Nachricht gen\u00fcgt<\/a><\/u> &#8211; gerne erf\u00fclle ich Ihre pers\u00f6nlichen W\u00fcnsche!<\/span><\/div><\/div><div class=\"fusion-text fusion-text-3\"><h3>Eigene Rede drucken lassen<\/h3>\n<p>Ob Hochzeitsrede, Ansprache zu Geburtstag, Jubil\u00e4ums- oder Trauerrede &#8211; f\u00fcr jede Rede gilt:<\/p>\n<p>Auch, wenn Ihre Rede ohne RedeGold-Mitwirkung entstanden ist, k\u00f6nnen Sie diese hier ansprechend drucken und optional rahmen lassen.<\/p>\n<p>Die Gestaltung wird f\u00fcr Sie \u00fcbernommen &#8211; Sie m\u00fcssen nur den reinen Redetext \u00fcbermitteln:<\/p>\n<\/div><ul style=\"--awb-size:16px;--awb-margin-bottom:50px;--awb-iconcolor:var(--awb-color4);--awb-line-height:27.2px;--awb-icon-width:27.2px;--awb-icon-height:27.2px;--awb-icon-margin:11.2px;--awb-content-margin:38.4px;\" class=\"fusion-checklist fusion-checklist-3 fusion-checklist-default type-icons\"><li class=\"fusion-li-item\" style=\"\"><span class=\"icon-wrapper circle-no\"><i class=\"fusion-li-icon fa-file-import fas\" aria-hidden=\"true\"><\/i><\/span><div class=\"fusion-li-item-content\">Vor oder nach Ihrer <a class=\"fusion-one-page-text-link\" href=\"#start\">Bestellung<\/a>: Per E-Mail, WhatsApp etc. oder im Kontaktformular hochladen\u00a0<em><a href=\"https:\/\/www.redegold.de\/kontakt\">(alle M\u00f6glichkeiten sehen Sie auf der Kontaktseite<\/a>)<\/em><\/div><\/li><li class=\"fusion-li-item\" style=\"\"><span class=\"icon-wrapper circle-no\"><i class=\"fusion-li-icon fa-file-import fas\" aria-hidden=\"true\"><\/i><\/span><div class=\"fusion-li-item-content\">Oder w\u00e4hrend Ihrer <a class=\"fusion-one-page-text-link\" href=\"#start\">Bestellung<\/a>: Kopieren Sie Ihre Rede einfach ins Feld \u201eBemerkungen\u201c, das nach Ihrer Adresseingabe erscheint<\/div><\/li><\/ul><div class=\"fusion-title title fusion-title-2 fusion-sep-none fusion-title-text fusion-title-size-two\" style=\"--awb-margin-top-small:0px;--awb-margin-right-small:0px;--awb-margin-bottom-small:20px;--awb-margin-left-small:0px;\"><h2 class=\"fusion-title-heading title-heading-left fusion-responsive-typography-calculated\" style=\"margin:0;--fontSize:39;line-height:1.25;\">Rede-Schmuckdruck: Ihre sieben Vorteile<\/h2><\/div><div class=\"fusion-separator fusion-no-medium-visibility fusion-no-large-visibility fusion-full-width-sep\" style=\"align-self: center;margin-left: auto;margin-right: auto;margin-top:25px;width:100%;\"><\/div><div class=\"fusion-text fusion-text-4\"><h3>1. Bleibende Erinnerung<\/h3>\n<p>Der Schmuckdruck verwandelt Ihre Rede in ein dauerhaftes Erinnerungsst\u00fcck, das den besonderen Moment und die damit verbundenen Gef\u00fchle f\u00fcr immer konserviert.<div class=\"fusion-separator fusion-full-width-sep\" style=\"align-self: center;margin-left: auto;margin-right: auto;margin-top:25px;width:100%;\"><\/div><\/p>\n<h3>2. Haptisches Erlebnis<\/h3>\n<p>Neben der visuellen Sch\u00f6nheit bietet der Schmuckdruck ein haptisches Erlebnis. Das Gef\u00fchl, hochwertiges Papier zu ber\u00fchren und Ihre Rede mit den Fingern zu sp\u00fcren, verleiht Ihrer Rede eine zus\u00e4tzliche Dimension der Wertsch\u00e4tzung.<div class=\"fusion-separator fusion-full-width-sep\" style=\"align-self: center;margin-left: auto;margin-right: auto;margin-top:25px;width:100%;\"><\/div><\/p>\n<h3>3. Professionelle Wirkung<\/h3>\n<p>Die \u00dcbergabe einer ansehnlich gestalteten Rede &#8211; zum Beispiel bei <a href=\"https:\/\/www.redegold.de\/shop\/shop\/individuelle-rede\/saisonartikel\/ihre-persoenliche-hochzeitsrede\/\">Hochzeit<\/a>, <a href=\"https:\/\/www.redegold.de\/shop\/shop\/individuelle-rede\/bestseller\/ihre-perfekte-persoenliche-geburtstagsrede\/\">Geburtstag<\/a> oder <a href=\"https:\/\/www.redegold.de\/shop\/shop\/individuelle-rede\/bestseller\/ihre-perfekte-persoenliche-jubilaeumsrede\/\">Jubil\u00e4um<\/a> &#8211; unterstreicht Ihre Sorgfalt und Wertsch\u00e4tzung f\u00fcr den Anlass und die Hauptperson(en) der Rede. Der Schmuckdruck veranschaulicht damit auch Ihren hohen Anspruch.<\/p>\n<p>Die speziell gedruckte Rede erm\u00f6glicht Ihnen zudem, Ihre Rede aus einer neuen Perspektive zu betrachten. Sie wird damit zu einem effektiven Werkzeug der Selbstreflexion und Verbesserung Ihrer rhetorischen F\u00e4higkeiten.<div class=\"fusion-separator fusion-full-width-sep\" style=\"align-self: center;margin-left: auto;margin-right: auto;margin-top:25px;width:100%;\"><\/div><\/p>\n<h3>4. Physisches Andenken f\u00fcr Archivierung<\/h3>\n<p>Als physisches Dokument kann Ihre Rede in Archiven oder privaten Sammlungen aufbewahrt werden, wodurch sie Teil der dokumentierten Geschichte wird und f\u00fcr zuk\u00fcnftige Generationen zug\u00e4nglich bleibt.<div class=\"fusion-separator fusion-full-width-sep\" style=\"align-self: center;margin-left: auto;margin-right: auto;margin-top:25px;width:100%;\"><\/div><\/p>\n<h3>5. Chance f\u00fcr pers\u00f6nliche Widmungen<\/h3>\n<p>Der Schmuckdruck bietet Platz f\u00fcr kurze handschriftliche Widmungen, ein Foto von Ihnen oder einfach Ihre pers\u00f6nliche Unterschrift &#8211; was die emotionale Tiefe Ihres Geschenks und Ihre Beziehung zur Hauptperson Ihrer Rede verst\u00e4rkt.<div class=\"fusion-separator fusion-full-width-sep\" style=\"align-self: center;margin-left: auto;margin-right: auto;margin-top:25px;width:100%;\"><\/div><\/p>\n<h3>6. Erh\u00f6hung Ihrer Reichweite durch digitales Format<\/h3>\n<p>Die Bereitstellung eines PDFs erlaubt Ihnen, Ihre Rede auf einfache Weise mit anderen Beteiligten zu teilen. Dies erh\u00f6ht die Reichweite Ihrer Worte und erm\u00f6glicht es auch Personen, die nicht pers\u00f6nlich anwesend sein k\u00f6nnen, Ihre Rede zu lesen und zu sch\u00e4tzen.<\/p>\n<p>Dank der schriftlichen Version k\u00f6nnen zudem Menschen mit Einschr\u00e4nkungen Ihre Rede im eigenen Tempo erfassen und verarbeiten.<div class=\"fusion-separator fusion-full-width-sep\" style=\"align-self: center;margin-left: auto;margin-right: auto;margin-top:25px;width:100%;\"><\/div><\/p>\n<h3>7. Diskretion und Individualit\u00e4t<\/h3>\n<p>Die Gestaltung des Schmuckdrucks garantiert Diskretion hinsichtlich der Mitwirkung Dritter und betont damit auch die Individualit\u00e4t Ihrer Botschaft:<\/p>\n<\/div><ul style=\"--awb-size:16px;--awb-iconcolor:#a7893d;--awb-line-height:27.2px;--awb-icon-width:27.2px;--awb-icon-height:27.2px;--awb-icon-margin:11.2px;--awb-content-margin:38.4px;\" class=\"fusion-checklist fusion-checklist-4 fusion-checklist-default type-icons\"><li class=\"fusion-li-item\" style=\"\"><span class=\"icon-wrapper circle-no\"><i class=\"fusion-li-icon fa-check fas\" aria-hidden=\"true\"><\/i><\/span><div class=\"fusion-li-item-content\"> Im Schmuckdruck findet sich kein Hinweis auf die Mitwirkung Ihres Ghostwriters oder eines anderen Dritten<\/div><\/li><li class=\"fusion-li-item\" style=\"\"><span class=\"icon-wrapper circle-no\"><i class=\"fusion-li-icon fa-check fas\" aria-hidden=\"true\"><\/i><\/span><div class=\"fusion-li-item-content\">Bewusst schlichtes Layout: Niemand wird einen professionellen Ghostwriter dahinter vermuten<\/div><\/li><li class=\"fusion-li-item\" style=\"\"><span class=\"icon-wrapper circle-no\"><i class=\"fusion-li-icon fa-check fas\" aria-hidden=\"true\"><\/i><\/span><div class=\"fusion-li-item-content\"> Versand ohne Absenderangabe in neutralem Umschlag<\/div><\/li><li class=\"fusion-li-item\" style=\"\"><span class=\"icon-wrapper circle-no\"><i class=\"fusion-li-icon fa-check fas\" aria-hidden=\"true\"><\/i><\/span><div class=\"fusion-li-item-content\">Versand an alternative Adresse (z. B. bei Nachbarn oder Bekannten), damit alles eine \u00dcberraschung bleibt. Die Adresse k\u00f6nnen Sie bereits bei <a class=\"fusion-one-page-text-link\" href=\"#start\">Bestellung<\/a> angeben, im Feld &#8222;Bemerkungen&#8220; (erscheint nach Eingabe der Rechnungsadresse)<\/div><\/li><\/ul><div class=\"fusion-separator fusion-full-width-sep\" style=\"align-self: center;margin-left: auto;margin-right: auto;margin-bottom:50px;width:100%;\"><\/div><div class=\"fusion-alert alert success alert-success fusion-alert-left awb-alert-native-link-color alert-shadow fusion-animated\" style=\"--awb-margin-top:25px;--awb-margin-bottom:50px;\" role=\"alert\" data-animationType=\"fadeIn\" data-animationDuration=\"2.8\" data-animationOffset=\"top-into-view\"><div class=\"fusion-alert-content-wrapper\"><span class=\"alert-icon\"><i class=\"awb-icon-check-circle\" aria-hidden=\"true\"><\/i><\/span><span class=\"fusion-alert-content\"><p><span style=\"color: black;\"><strong><a class=\"fusion-one-page-text-link\" href=\"#start\">Bestellen Sie jetzt<\/a> Ihr Schmuckdruck-Paket und erhalten Sie:<\/strong><\/span><\/p>\n<ul>\n<li><span style=\"color: black;\">Exklusiven Druck Ihrer Rede<\/span><\/li>\n<li><span style=\"color: black;\">Digitale PDF-Version<\/span><\/li>\n<li><span style=\"color: black;\">Versand gratis aus Deutschland<\/span><\/li>\n<\/ul><\/span><\/div><\/div><script type=\"application\/ld+json\">\n{\n  \"@context\": \"https:\/\/schema.org\/\",\n  \"@type\": \"Product\",\n  \"name\": \"Schmuckdruck Ihrer Rede\",\n  \"image\": \"https:\/\/www.redegold.de\/shop\/wp-content\/uploads\/2022\/03\/redenschreiber-hand-hell-gross.png\",\n  \"description\": \"Der Schmuckdruck bietet Platz f\u00fcr kurze handschriftliche Widmungen, ein Foto von Ihnen oder einfach Ihre pers\u00f6nliche Unterschrift.\",\n  \"sku\": \"schmuckdruck-001\",\n  \"brand\": {\n    \"@type\": \"Brand\",\n    \"name\": \"RedeGold\"\n  },\n  \"offers\": {\n    \"@type\": \"Offer\",\n    \"url\": \"https:\/\/www.redegold.de\/shop\/shop\/zusatzleistungen\/versand-per-post\/schmuckdruck-rede-als-geschenk\",\n    \"priceCurrency\": \"EUR\",\n    \"price\": \"29.00\",\n    \"availability\": \"https:\/\/schema.org\/InStock\",\n    \"itemCondition\": \"https:\/\/schema.org\/NewCondition\",\n    \"priceValidUntil\": \"2026-12-31\",\n    \"shippingDetails\": {\n      \"@type\": \"OfferShippingDetails\",\n      \"shippingRate\": {\n        \"@type\": \"MonetaryAmount\",\n        \"value\": \"0.00\",\n        \"currency\": \"EUR\"\n      }\n    }\n  }\n}\n<\/script>\n<\/div><\/div><\/div><\/div>\n","protected":false},"excerpt":{"rendered":"","protected":false},"featured_media":4780,"template":"","meta":{"wp_typography_post_enhancements_disabled":false,"footnotes":""},"product_brand":[213],"product_cat":[59,56],"product_tag":[185,214,195],"class_list":{"0":"post-270","1":"product","2":"type-product","3":"status-publish","4":"has-post-thumbnail","6":"product_brand-redegold","7":"product_cat-versand-per-post","8":"product_cat-zusatzleistungen","9":"product_tag-schmuckdruck","10":"product_tag-titel_rechts_oben","11":"product_tag-verewigung","13":"first","14":"instock","15":"taxable","16":"shipping-taxable","17":"purchasable","18":"product-type-variable"},"_links":{"self":[{"href":"https:\/\/www.redegold.de\/shop\/wp-json\/wp\/v2\/product\/270","targetHints":{"allow":["GET"]}}],"collection":[{"href":"https:\/\/www.redegold.de\/shop\/wp-json\/wp\/v2\/product"}],"about":[{"href":"https:\/\/www.redegold.de\/shop\/wp-json\/wp\/v2\/types\/product"}],"version-history":[{"count":0,"href":"https:\/\/www.redegold.de\/shop\/wp-json\/wp\/v2\/product\/270\/revisions"}],"wp:featuredmedia":[{"embeddable":true,"href":"https:\/\/www.redegold.de\/shop\/wp-json\/wp\/v2\/media\/4780"}],"wp:attachment":[{"href":"https:\/\/www.redegold.de\/shop\/wp-json\/wp\/v2\/media?parent=270"}],"wp:term":[{"taxonomy":"product_brand","embeddable":true,"href":"https:\/\/www.redegold.de\/shop\/wp-json\/wp\/v2\/product_brand?post=270"},{"taxonomy":"product_cat","embeddable":true,"href":"https:\/\/www.redegold.de\/shop\/wp-json\/wp\/v2\/product_cat?post=270"},{"taxonomy":"product_tag","embeddable":true,"href":"https:\/\/www.redegold.de\/shop\/wp-json\/wp\/v2\/product_tag?post=270"}],"curies":[{"name":"wp","href":"https:\/\/api.w.org\/{rel}","templated":true}]}}